{"id":6725,"date":"2024-10-17T21:00:23","date_gmt":"2024-10-18T00:00:23","guid":{"rendered":"https:\/\/museudascoisasbanais.com.br\/exposicao\/?post_type=tnc_col_5852_item&#038;p=6725"},"modified":"2024-10-17T21:00:24","modified_gmt":"2024-10-18T00:00:24","slug":"lampiao","status":"publish","type":"tnc_col_5852_item","link":"https:\/\/museudascoisasbanais.com.br\/exposicao\/objetos-que-aproximam-dentro-de-casa\/lampiao\/","title":{"rendered":"Lampi\u00e3o"},"content":{"rendered":"<p>Este lampi\u00e3o \u00e9 muito antigo de 1955, traz lembran\u00e7as de inf\u00e2ncia, quando crian\u00e7a nos tempos de escola, usava para iluminar as horas que passava fazendo atividades. Colocava querosene na parte inferior e na superior tinha um vidro protetor quando ascendia o estopim, o vidro servia de prote\u00e7\u00e3o para que o vento n\u00e3o apagasse a luz, ou perigo de cair e pegar fogo na casa ou no cabelo por ficar pr\u00f3ximo do cabelo para enxergar bem as atividades. Uso esta pe\u00e7a hoje para decorar a casa, e recordar de momentos que vivi numa \u00e9poca que nem existia energia el\u00e9trica. .(Atividades realizadas no projeto &#8220;Resgate de mem\u00f3rias em tempos de pandemia&#8221; proposto pela professora de artes visuais &#8220;EDNA RODRIGUES&#8221; com alunas do &#8220;Departamento de cultura de Herval d&#8217;Oest).<\/p>\n","protected":false},"featured_media":6726,"parent":0,"menu_order":0,"comment_status":"closed","ping_status":"closed","template":"","format":"standard","class_list":["post-6725","tnc_col_5852_item","type-tnc_col_5852_item","status-publish","format-standard","has-post-thumbnail","hentry","tnc_tax_19-luzerna","tnc_tax_5-garagem"],"_links":{"self":[{"href":"https:\/\/museudascoisasbanais.com.br\/exposicao\/wp-json\/wp\/v2\/tnc_col_5852_item\/6725"}],"collection":[{"href":"https:\/\/museudascoisasbanais.com.br\/exposicao\/wp-json\/wp\/v2\/tnc_col_5852_item"}],"about":[{"href":"https:\/\/museudascoisasbanais.com.br\/exposicao\/wp-json\/wp\/v2\/types\/tnc_col_5852_item"}],"replies":[{"embeddable":true,"href":"https:\/\/museudascoisasbanais.com.br\/exposicao\/wp-json\/wp\/v2\/comments?post=6725"}],"version-history":[{"count":0,"href":"https:\/\/museudascoisasbanais.com.br\/exposicao\/wp-json\/wp\/v2\/tnc_col_5852_item\/6725\/revisions"}],"wp:featuredmedia":[{"embeddable":true,"href":"https:\/\/museudascoisasbanais.com.br\/exposicao\/wp-json\/wp\/v2\/media\/6726"}],"wp:attachment":[{"href":"https:\/\/museudascoisasbanais.com.br\/exposicao\/wp-json\/wp\/v2\/media?parent=6725"}],"curies":[{"name":"wp","href":"https:\/\/api.w.org\/{rel}","templated":true}]}}