{"id":6520,"date":"2024-10-17T20:33:10","date_gmt":"2024-10-17T23:33:10","guid":{"rendered":"https:\/\/museudascoisasbanais.com.br\/acervo\/?post_type=tnc_col_5867_item&#038;p=6520"},"modified":"2024-10-17T20:33:10","modified_gmt":"2024-10-17T23:33:10","slug":"camera-instamatic-kodak","status":"publish","type":"tnc_col_5867_item","link":"https:\/\/museudascoisasbanais.com.br\/acervo\/trecos-trocos-e-coisas\/camera-instamatic-kodak\/","title":{"rendered":"C\u00e2mera instamatic Kodak"},"content":{"rendered":"<p>Meu av\u00f4 deu esta c\u00e2mera instamatic Kodak de presente para minha m\u00e3e, nos anos 80. Com o tempo, a c\u00e2mera estragou e minha m\u00e3e, por sua vez, me deu de presente. Quando eu era bem pequena eu usava objetos alternativos para fazer as vezes de c\u00e2mera, como um pacote de prendedores de roupas. Me lembro de fazer o movimento de enquadrar na foto um gato que aparecia no quintal da casa da minha v\u00f3 em Guap\u00e9, no interior de Minas, onde morei durante grande parte da minha inf\u00e2ncia. Quando eu ganhei a c\u00e2mera estragada &#8211; e sem filme fotogr\u00e1fico, claro, pois era caro &#8211; eu brincava horas que era fot\u00f3grafa, fazendo o movimento para disparar o \u201cgatilho\u201d que altera a posi\u00e7\u00e3o do negativo e depois apertando o bot\u00e3o, que ainda hoje continua fazendo \u201cclick\u201d. Heran\u00e7a que passou por tr\u00eas gera\u00e7\u00f5es, a c\u00e2mera \u00e9 importante pra mim, pois me faz lembrar de minha m\u00e3e e do meu av\u00f4 Moacir, os dois s\u00e3o minhas pessoas preferidas da fam\u00edlia. A c\u00e2mera vintage representa a minha obsess\u00e3o por capturar momentos, animais e objetos em fotografias, desde a tenra inf\u00e2ncia. \u00c9 importante olhar para objetos antigos e resgatar vontades que sempre estiveram presentes. N\u00e3o me tornei fot\u00f3grafa (ainda), mas o h\u00e1bito de tirar fotos de absolutamente tudo continuou. Quando a resolu\u00e7\u00e3o dos meus antigos celulares era terr\u00edvel, eu sempre pedia o de algu\u00e9m emprestado, e era uma festa. A nostalgia de lembrar dessa hist\u00f3ria me motiva a fazer um curso na \u00e1rea e aprimorar minhas t\u00e9cnicas. Talvez por coincid\u00eancia, ou sintonia, esses dias encontrei o trecho de um poema que se mescla \u00e0 minha hist\u00f3ria: [&#8230;] a c\u00e2mera da joana abre aquela parte em que coloc\u00e1vamos o filme aquilo abre e n\u00e3o tem filme algum todos percebem [&#8230;] Letrux<\/p>\n","protected":false},"featured_media":6521,"parent":0,"menu_order":0,"comment_status":"closed","ping_status":"closed","template":"","format":"standard","class_list":["post-6520","tnc_col_5867_item","type-tnc_col_5867_item","status-publish","format-standard","has-post-thumbnail","hentry","tnc_tax_5790-antiguidade","tnc_tax_5-belo-horizonte"],"_links":{"self":[{"href":"https:\/\/museudascoisasbanais.com.br\/acervo\/wp-json\/wp\/v2\/tnc_col_5867_item\/6520"}],"collection":[{"href":"https:\/\/museudascoisasbanais.com.br\/acervo\/wp-json\/wp\/v2\/tnc_col_5867_item"}],"about":[{"href":"https:\/\/museudascoisasbanais.com.br\/acervo\/wp-json\/wp\/v2\/types\/tnc_col_5867_item"}],"replies":[{"embeddable":true,"href":"https:\/\/museudascoisasbanais.com.br\/acervo\/wp-json\/wp\/v2\/comments?post=6520"}],"version-history":[{"count":0,"href":"https:\/\/museudascoisasbanais.com.br\/acervo\/wp-json\/wp\/v2\/tnc_col_5867_item\/6520\/revisions"}],"wp:featuredmedia":[{"embeddable":true,"href":"https:\/\/museudascoisasbanais.com.br\/acervo\/wp-json\/wp\/v2\/media\/6521"}],"wp:attachment":[{"href":"https:\/\/museudascoisasbanais.com.br\/acervo\/wp-json\/wp\/v2\/media?parent=6520"}],"curies":[{"name":"wp","href":"https:\/\/api.w.org\/{rel}","templated":true}]}}